{"id":89,"date":"2025-05-02T17:54:03","date_gmt":"2025-05-02T15:54:03","guid":{"rendered":"https:\/\/cartodesluttes.fr\/?page_id=89"},"modified":"2025-06-19T19:04:23","modified_gmt":"2025-06-19T17:04:23","slug":"ateliers-de-formation","status":"publish","type":"page","link":"https:\/\/cartodesluttes.fr\/index.php\/ateliers-de-formation\/","title":{"rendered":"Ateliers de formation"},"content":{"rendered":"\n<p>Avec l&rsquo;\u00e9quipe de la carto, \u00e0 partir de nos pr\u00e9sentations, on travaille sur un support de formation (une sorte de trame) qui puisse \u00eatre utilis\u00e9e pour organiser des pr\u00e9sentations de la carte, on la mettra en ligne d\u00e8s qu&rsquo;elle sera pr\u00eate !<\/p>\n\n\n\n<h2 class=\"wp-block-heading\">En attendant quelques ateliers th\u00e9matiques<\/h2>\n\n\n\n<div class=\"wp-block-columns is-layout-flex wp-container-core-columns-is-layout-28f84493 wp-block-columns-is-layout-flex\">\n<div class=\"wp-block-column is-layout-flow wp-block-column-is-layout-flow\">\n<h2 class=\"wp-block-heading\">Retracer un parcours<\/h2>\n\n\n\n<p>Essayer de placer les diff\u00e9rents collectifs, organisations et associations dans lesquels vous vous \u00eates investi\u00b7e\u00b7s sur la carte en fonction de leur pratique principale. Une fois cela fait, retracer chronologiquement votre parcours en expliquant ce qui vous faisait sens dans cette tactique et pourquoi vous avez \u00e9volu\u00e9 autre chose. <\/p>\n\n\n\n<h2 class=\"wp-block-heading\">Cartographier sa r\u00e9gion<\/h2>\n\n\n\n<p>Avec vos proches ou camarades, essayer de d\u00e9limiter une zone g\u00e9ographique dans laquelle vous investissez. Placer ensuite les diff\u00e9rents collectifs, organisations et associations qui existent sur ce territoire. Vous pouvez ensuite d\u00e9battre de ce qui manquerait sur ce territoire, les liens possibles \u00e0 faire&#8230;<\/p>\n<\/div>\n\n\n\n<div class=\"wp-block-column is-layout-flow wp-block-column-is-layout-flow\">\n<h2 class=\"wp-block-heading\">\u00c9laborer sa strat\u00e9gie collective<\/h2>\n\n\n\n<p>Avec des membres de votre organisation, essayer de la situer sur la carte. Dans, un premier temps chaque personne peut essayer de la placer seul\u00b7e. Comme dans un d\u00e9bat boule de neige, elle rejoint une autre personne avec qui elles partagent leur placement et se mettent d&rsquo;accord. Et ainsi de suite&#8230;<\/p>\n\n\n\n<h2 class=\"wp-block-heading\">Diff\u00e9rence entre objectifs et pratiques<\/h2>\n\n\n\n<p>Faites un point entre vous pour savoir quel est l&rsquo;objectif de votre collectif, sa strat\u00e9gie. A partir de la cartographie, essayer de situer votre collectif. Vous pouvez vous poser la question suivante : y-a-t-il une ad\u00e9quation entre nos objectifs strat\u00e9giques et notre pratique quotidienne (tactique et moyen d&rsquo;actions) ?<\/p>\n<\/div>\n<\/div>\n\n\n\n<p><\/p>\n\n\n\n<p><\/p>\n","protected":false},"excerpt":{"rendered":"<p>Avec l&rsquo;\u00e9quipe de la carto, \u00e0 partir de nos pr\u00e9sentations, on travaille sur un support de formation (une sorte de trame) qui puisse \u00eatre utilis\u00e9e pour organiser des pr\u00e9sentations de la carte, on la mettra en ligne d\u00e8s qu&rsquo;elle sera pr\u00eate ! En attendant quelques ateliers th\u00e9matiques Retracer un parcours Essayer de placer les diff\u00e9rents [&hellip;]<\/p>\n","protected":false},"author":1,"featured_media":0,"parent":0,"menu_order":0,"comment_status":"closed","ping_status":"closed","template":"","meta":{"footnotes":""},"class_list":["post-89","page","type-page","status-publish"],"_links":{"self":[{"href":"https:\/\/cartodesluttes.fr\/index.php\/wp-json\/wp\/v2\/page\/89","targetHints":{"allow":["GET"]}}],"collection":[{"href":"https:\/\/cartodesluttes.fr\/index.php\/wp-json\/wp\/v2\/page"}],"about":[{"href":"https:\/\/cartodesluttes.fr\/index.php\/wp-json\/wp\/v2\/types\/page"}],"author":[{"embeddable":true,"href":"https:\/\/cartodesluttes.fr\/index.php\/wp-json\/wp\/v2\/users\/1"}],"replies":[{"embeddable":true,"href":"https:\/\/cartodesluttes.fr\/index.php\/wp-json\/wp\/v2\/comments?post=89"}],"version-history":[{"count":3,"href":"https:\/\/cartodesluttes.fr\/index.php\/wp-json\/wp\/v2\/page\/89\/revisions"}],"predecessor-version":[{"id":118,"href":"https:\/\/cartodesluttes.fr\/index.php\/wp-json\/wp\/v2\/page\/89\/revisions\/118"}],"wp:attachment":[{"href":"https:\/\/cartodesluttes.fr\/index.php\/wp-json\/wp\/v2\/media?parent=89"}],"curies":[{"name":"wp","href":"https:\/\/api.w.org\/{rel}","templated":true}]}}